{"id":1267,"date":"2016-02-13T19:34:37","date_gmt":"2016-02-13T18:34:37","guid":{"rendered":"http:\/\/iglesia-latina.de\/de\/?page_id=1267"},"modified":"2025-06-01T21:02:27","modified_gmt":"2025-06-01T20:02:27","slug":"gemeindeleitung","status":"publish","type":"page","link":"http:\/\/iglesia-latina.de\/de\/gemeindeleitung\/","title":{"rendered":"GEMEINDELEITUNG"},"content":{"rendered":"<div class=\"wpb-content-wrapper\"><body>[vc_row][vc_column][vc_column_text css_animation=\u201dleft-to-right\u201d]\n<h1>Gemeindeleitung<\/h1>\n[\/vc_column_text][\/vc_column][\/vc_row][vc_row][vc_column width=\u201d1\/2\u2033][vc_column_text css_animation=\u201dleft-to-right\u201d]Die Iglesia Cristiana Latinoamericana wird vom Pastor, den \u00c4ltesten und den Diakonen geleitet.[\/vc_column_text][\/vc_column][vc_column width=\u201d1\/2\u2033][vc_column_text css_animation=\u201dright-to-left\u201d]Die Gemeindeleitung ist f\u00fcr folgende Verwaltungsbereiche verantwortlich:[\/vc_column_text][\/vc_column][\/vc_row][vc_row][vc_column width=\u201d1\/3\u2033][\/vc_column][vc_column width=\u201d1\/3\u2033 animation=\u201dscale-up\u201d][vc_column_text css=\u201d\u201d]\n<h2 style=\"text-align: center;\">Pastor: Abd\u00edas Velasquez<\/h2>\n[\/vc_column_text][vc_column_text]Der Pastor ist der geistige Leiter der Gemeindeleitung und der Gemeinde. Er ist f\u00fcr die Predigt, Seelsorge, Krankenbesuche und Begleitung der Gruppenleiter zust\u00e4ndig. [\/vc_column_text][vc_single_image image=\u201d3271\u2033 img_size=\u201dfull\u201d alignment=\u201dcenter\u201d css=\u201d\u201d][\/vc_column][vc_column width=\u201d1\/3\u2033][\/vc_column][\/vc_row][vc_row][vc_column][vc_column_text]\n<h1 style=\"text-align: center;\">Leitung<\/h1>\n[\/vc_column_text][\/vc_column][\/vc_row][vc_row top_margin=\u201d0\u2033 bottom_margin=\u201d0\u2033 css=\u201d.vc_custom_1492441259540{padding-top: 50px !important;}\u201d][vc_column]\n\t\t\t<!-- START concejo REVOLUTION SLIDER 6.7.41 --><p class=\"rs-p-wp-fix\"><\/p>\n\t\t\t<rs-module-wrap id=\"rev_slider_23_1_wrapper\" data-source=\"gallery\" style=\"visibility:hidden;background:transparent;padding:0;margin:0px auto;margin-top:0;margin-bottom:0;\">\n\t\t\t\t<rs-module id=\"rev_slider_23_1\" style=\"\" data-version=\"6.7.41\">\n\t\t\t\t\t<rs-slides style=\"overflow: hidden; position: absolute;\">\n\t\t\t\t\t\t<rs-slide style=\"position: absolute;\" data-key=\"rs-93\" data-title=\"Slide\" data-anim=\"adpr:false;\" data-in=\"o:0;\" data-out=\"a:false;\">\n\t\t\t\t\t\t\t<img data-recalc-dims=\"1\" decoding=\"async\" src=\"https:\/\/i0.wp.com\/iglesia-latina.de\/wp-content\/plugins\/revslider\/sr6\/assets\/assets\/dummy.png?resize=1066%2C1600\" alt=\"Consejo de ancianos\" title=\"IMG-20250413-WA0013\" width=\"1066\" height=\"1600\" class=\"rev-slidebg tp-rs-img rs-lazyload\" data-lazyload=\"\/\/iglesia-latina.de\/wp-content\/uploads\/2025\/06\/IMG-20250413-WA0013.jpg\" data-bg=\"f:contain;\" data-no-retina>\n<!---->\t\t\t\t\t<\/rs-slide>\n\t\t\t\t\t<\/rs-slides>\n\t\t\t\t<\/rs-module>\n\t\t\t\t<script data-jetpack-boost=\"ignore\">\n\t\t\t\t\tsetREVStartSize({c: 'rev_slider_23_1',rl:[1240,1024,768,480],el:[550],gw:[1240],gh:[550],type:'hero',justify:'',layout:'fullwidth',mh:\"0\"});if (window.RS_MODULES!==undefined && window.RS_MODULES.modules!==undefined && window.RS_MODULES.modules[\"revslider231\"]!==undefined) {window.RS_MODULES.modules[\"revslider231\"].once = false;window.revapi23 = undefined;if (window.RS_MODULES.checkMinimal!==undefined) window.RS_MODULES.checkMinimal()}\n\t\t\t\t<\/script>\n\t\t\t<\/rs-module-wrap>\n\t\t\t<!-- END REVOLUTION SLIDER -->\n[\/vc_column][\/vc_row][vc_row css=\u201d.vc_custom_1418690067598{margin-top: 20px !important;}\u201d][vc_column width=\u201d1\/6\u2033][\/vc_column][vc_column width=\u201d2\/3\u2033][vc_column_text css_animation=\u201dappear\u201d]\n<h2>\u00c4ltesten:<\/h2>\n[\/vc_column_text][vc_column_text css_animation=\u201dappear\u201d]Die \u00c4ltesten unterst\u00fctzen die pastorale Arbeit der Gemeinde in den Bereichen Predigt, Beratung, Nachfolge und Besuch der Kranken.[\/vc_column_text][\/vc_column][vc_column width=\u201d1\/6\u2033][\/vc_column][\/vc_row][vc_row top_margin=\u201d0\u2033 bottom_margin=\u201d0\u2033 css=\u201d.vc_custom_1492441259540{padding-top: 50px !important;}\u201d][vc_column][vc_column_text]\n<h1 style=\"text-align: center;\">Diakonen<\/h1>\n[\/vc_column_text][\/vc_column][\/vc_row][vc_row disable_element=\u201dyes\u201d top_margin=\u201d0\u2033 bottom_margin=\u201d0\u2033 css=\u201d.vc_custom_1748807406286{padding-top: 50px !important;}\u201d][vc_column]\n\t\t\t<!-- START directorio REVOLUTION SLIDER 6.7.41 --><p class=\"rs-p-wp-fix\"><\/p>\n\t\t\t<rs-module-wrap id=\"rev_slider_22_2_wrapper\" data-source=\"gallery\" style=\"visibility:hidden;background:transparent;padding:0;margin:0px auto;margin-top:0;margin-bottom:0;\">\n\t\t\t\t<rs-module id=\"rev_slider_22_2\" style=\"\" data-version=\"6.7.41\">\n\t\t\t\t\t<rs-slides style=\"overflow: hidden; position: absolute;\">\n\t\t\t\t\t\t<rs-slide style=\"position: absolute;\" data-key=\"rs-92\" data-title=\"Slide\" data-anim=\"adpr:false;\" data-in=\"o:0;\" data-out=\"a:false;\">\n\t\t\t\t\t\t\t<img data-recalc-dims=\"1\" decoding=\"async\" src=\"https:\/\/i0.wp.com\/iglesia-latina.de\/wp-content\/plugins\/revslider\/sr6\/assets\/assets\/dummy.png?resize=1600%2C1200\" alt=\"\" title=\"IMG-20230622-WA0001\" width=\"1600\" height=\"1200\" class=\"rev-slidebg tp-rs-img rs-lazyload\" data-lazyload=\"\/\/iglesia-latina.de\/wp-content\/uploads\/2023\/06\/IMG-20230622-WA0001.jpg\" data-bg=\"p:50% 25%;\" data-parallax=\"2\" data-no-retina>\n<!---->\t\t\t\t\t<\/rs-slide>\n\t\t\t\t\t<\/rs-slides>\n\t\t\t\t<\/rs-module>\n\t\t\t\t<script data-jetpack-boost=\"ignore\">\n\t\t\t\t\tsetREVStartSize({c: 'rev_slider_22_2',rl:[1240,1024,768,480],el:[550],gw:[1240],gh:[550],type:'hero',justify:'',layout:'fullwidth',mh:\"0\"});if (window.RS_MODULES!==undefined && window.RS_MODULES.modules!==undefined && window.RS_MODULES.modules[\"revslider222\"]!==undefined) {window.RS_MODULES.modules[\"revslider222\"].once = false;window.revapi22 = undefined;if (window.RS_MODULES.checkMinimal!==undefined) window.RS_MODULES.checkMinimal()}\n\t\t\t\t<\/script>\n\t\t\t<\/rs-module-wrap>\n\t\t\t<!-- END REVOLUTION SLIDER -->\n[\/vc_column][\/vc_row][vc_row css=\u201d.vc_custom_1418690067598{margin-top: 20px !important;}\u201d][vc_column width=\u201d1\/12\u2033][\/vc_column][vc_column width=\u201d5\/12\u2033][vc_column_text css_animation=\u201dappear\u201d css=\u201d\u201d]\n<h2>Evangelismus und Finanzen:<br>\nMarcela Ledesma<\/h2>\n[\/vc_column_text][vc_single_image image=\u201d3263\u2033 img_size=\u201dmedium\u201d alignment=\u201dcenter\u201d css=\u201d\u201d][vc_column_text css_animation=\u201dappear\u201d][\/vc_column_text][\/vc_column][vc_column width=\u201d5\/12\u2033][vc_column_text css_animation=\u201dright-to-left\u201d css=\u201d\u201d]\n<h2>Lobpreis und Sozialhilfe:<br>\nManfred Nickel<\/h2>\n[\/vc_column_text][vc_single_image image=\u201d3265\u2033 img_size=\u201dmedium\u201d alignment=\u201dcenter\u201d css=\u201d\u201d][vc_column_text css_animation=\u201dright-to-left\u201d][\/vc_column_text][\/vc_column][vc_column width=\u201d1\/12\u2033][\/vc_column][\/vc_row][vc_row css=\u201d.vc_custom_1418690067598{margin-top: 20px !important;}\u201d][vc_column width=\u201d1\/12\u2033][\/vc_column][vc_column width=\u201d5\/12\u2033][vc_column_text css_animation=\u201dappear\u201d css=\u201d\u201d]\n<h2>Service:<br>\nEsmeralda Espinosa<\/h2>\n[\/vc_column_text][vc_single_image image=\u201d3267\u2033 img_size=\u201dmedium\u201d alignment=\u201dcenter\u201d css=\u201d\u201d][vc_column_text css_animation=\u201dappear\u201d][\/vc_column_text][\/vc_column][vc_column width=\u201d5\/12\u2033][vc_column_text css_animation=\u201dappear\u201d css=\u201d\u201d]\n<h2>Willkommen an die Besucher:<br>\nClaudia Rada<\/h2>\n[\/vc_column_text][vc_single_image image=\u201d3269\u2033 img_size=\u201dmedium\u201d alignment=\u201dcenter\u201d css=\u201d\u201d][vc_column_text css_animation=\u201dright-to-left\u201d][\/vc_column_text][\/vc_column][vc_column width=\u201d1\/12\u2033][\/vc_column][\/vc_row][vc_row css=\u201d.vc_custom_1418690067598{margin-top: 20px !important;}\u201d][vc_column width=\u201d1\/12\u2033][\/vc_column][vc_column width=\u201d5\/12\u2033][vc_column_text css_animation=\u201dright-to-left\u201d css=\u201d\u201d]\n<h2>M\u00e4nnertreffen:<br>\nJuan Ruiz<\/h2>\n[\/vc_column_text][vc_single_image image=\u201d3261\u2033 img_size=\u201dmedium\u201d alignment=\u201dcenter\u201d css=\u201d\u201d][vc_column_text css_animation=\u201dright-to-left\u201d][\/vc_column_text][\/vc_column][vc_column width=\u201d1\/12\u2033][\/vc_column][\/vc_row][vc_row top_margin=\u201d0\u2033 bottom_margin=\u201d0\u2033 css=\u201d.vc_custom_1492441259540{padding-top: 50px !important;}\u201d][vc_column][vc_column_text]\n<h1 style=\"text-align: center;\">Verwaltung<\/h1>\n[\/vc_column_text][\/vc_column][\/vc_row][vc_row][vc_column width=\u201d1\/2\u2033 offset=\u201dvc_hidden-xs\u201d][vc_column_text css_animation=\u201dleft-to-right\u201d]\n<h2>Sekretariat:<br>\nCarlos Arroyo<\/h2>\n[\/vc_column_text][vc_column_text css_animation=\u201dleft-to-right\u201d]Verantwortlich f\u00fcr die interne und externe Korrespondenz der Gemeinde. Dar\u00fcber hinaus koordiniert er die unterschiedlichen Aktivit\u00e4ten innerhalb und au\u00dferhalb der Gemeinde.[\/vc_column_text][\/vc_column][vc_column width=\u201d1\/2\u2033][vc_column_text css_animation=\u201dleft-to-right\u201d css=\u201d\u201d]\n<h2>Schatzmeister:<br>\nMarcela Ledesma<\/h2>\n[\/vc_column_text][vc_column_text css_animation=\u201dleft-to-right\u201d]Verantwortlich f\u00fcr die Finanzen der Gemeinde.[\/vc_column_text][\/vc_column][\/vc_row]\n<\/body><\/div>","protected":false},"excerpt":{"rendered":"<p>[vc_row][vc_column][vc_column_text css_animation=\u201dleft-to-right\u201d] Gemeindeleitung [\/vc_column_text][\/vc_column][\/vc_row][vc_row][vc_column width=\u201d1\/2\u2033][vc_column_text css_animation=\u201dleft-to-right\u201d]Die Iglesia Cristiana Latinoamericana wird vom Pastor, den \u00c4ltesten und den Diakonen geleitet.[\/vc_column_text][\/vc_column][vc_column width=\u201d1\/2\u2033][vc_column_text css_animation=\u201dright-to-left\u201d]Die [&hellip;]<\/p>\n","protected":false},"author":5,"featured_media":0,"parent":0,"menu_order":0,"comment_status":"open","ping_status":"open","template":"","meta":{"_exactmetrics_skip_tracking":false,"_exactmetrics_sitenote_active":false,"_exactmetrics_sitenote_note":"","_exactmetrics_sitenote_category":0,"footnotes":""},"class_list":["post-1267","page","type-page","status-publish","hentry"],"jetpack_sharing_enabled":true,"jetpack_shortlink":"https:\/\/wp.me\/P6BAUr-kr","publishpress_future_action":{"enabled":false,"date":"2026-05-05 11:47:17","action":"change-status","newStatus":"private","terms":[],"taxonomy":"translation_priority","extraData":[]},"publishpress_future_workflow_manual_trigger":{"enabledWorkflows":[]},"_links":{"self":[{"href":"http:\/\/iglesia-latina.de\/de\/wp-json\/wp\/v2\/pages\/1267\/"}],"collection":[{"href":"http:\/\/iglesia-latina.de\/de\/wp-json\/wp\/v2\/pages\/"}],"about":[{"href":"http:\/\/iglesia-latina.de\/de\/wp-json\/wp\/v2\/types\/page\/"}],"author":[{"embeddable":true,"href":"http:\/\/iglesia-latina.de\/de\/wp-json\/wp\/v2\/users\/5\/"}],"replies":[{"embeddable":true,"href":"http:\/\/iglesia-latina.de\/de\/wp-json\/wp\/v2\/comments\/?post=1267"}],"version-history":[{"count":17,"href":"http:\/\/iglesia-latina.de\/de\/wp-json\/wp\/v2\/pages\/1267\/revisions\/"}],"predecessor-version":[{"id":3305,"href":"http:\/\/iglesia-latina.de\/de\/wp-json\/wp\/v2\/pages\/1267\/revisions\/3305\/"}],"wp:attachment":[{"href":"http:\/\/iglesia-latina.de\/de\/wp-json\/wp\/v2\/media\/?parent=1267"}],"curies":[{"name":"wp","href":"https:\/\/api.w.org\/{rel}","templated":true}]}}